{"id":14,"date":"2025-05-02T12:29:38","date_gmt":"2025-05-02T12:29:38","guid":{"rendered":"https:\/\/pellonarquitectos.es\/?page_id=14"},"modified":"2026-04-29T09:23:47","modified_gmt":"2026-04-29T09:23:47","slug":"estudio-arquitectura-valladolid","status":"publish","type":"page","link":"https:\/\/pellonarquitectos.es\/en\/estudio-arquitectura-valladolid\/","title":{"rendered":"Study"},"content":{"rendered":"<div data-elementor-type=\"wp-page\" data-elementor-id=\"14\" class=\"elementor elementor-14\" data-elementor-post-type=\"page\">\n\t\t\t\t<div class=\"elementor-element elementor-element-1e9d3e7 e-flex e-con-boxed e-con e-parent\" data-id=\"1e9d3e7\" data-element_type=\"container\" data-e-type=\"container\">\n\t\t\t\t\t<div class=\"e-con-inner\">\n\t\t\t\t<div class=\"elementor-element elementor-element-a24c2bd elementor-widget elementor-widget-heading\" data-id=\"a24c2bd\" data-element_type=\"widget\" data-e-type=\"widget\" data-widget_type=\"heading.default\">\n\t\t\t\t<div class=\"elementor-widget-container\">\n\t\t\t\t\t<h1 class=\"elementor-heading-title elementor-size-default\">El estudio<\/h1>\t\t\t\t<\/div>\n\t\t\t\t<\/div>\n\t\t\t\t<div class=\"elementor-element elementor-element-c538b9c elementor-widget elementor-widget-heading\" data-id=\"c538b9c\" data-element_type=\"widget\" data-e-type=\"widget\" data-widget_type=\"heading.default\">\n\t\t\t\t<div class=\"elementor-widget-container\">\n\t\t\t\t\t<h2 class=\"elementor-heading-title elementor-size-default\">Estudio de arquitectura en Valladolid con experiencia en proyectos residenciales, comerciales y urban\u00edsticos<\/h2>\t\t\t\t<\/div>\n\t\t\t\t<\/div>\n\t\t<div class=\"elementor-element elementor-element-9fb3428 e-con-full e-flex e-con e-child\" data-id=\"9fb3428\" data-element_type=\"container\" data-e-type=\"container\" data-settings=\"{&quot;background_background&quot;:&quot;classic&quot;}\">\n\t\t\t\t<div class=\"elementor-element elementor-element-c86b488 elementor-widget elementor-widget-spacer\" data-id=\"c86b488\" data-element_type=\"widget\" data-e-type=\"widget\" data-widget_type=\"spacer.default\">\n\t\t\t\t<div class=\"elementor-widget-container\">\n\t\t\t\t\t\t\t<div class=\"elementor-spacer\">\n\t\t\t<div class=\"elementor-spacer-inner\"><\/div>\n\t\t<\/div>\n\t\t\t\t\t\t<\/div>\n\t\t\t\t<\/div>\n\t\t\t\t<\/div>\n\t\t\t\t\t<\/div>\n\t\t\t\t<\/div>\n\t\t<div class=\"elementor-element elementor-element-3f28a80 e-flex e-con-boxed e-con e-parent\" data-id=\"3f28a80\" data-element_type=\"container\" data-e-type=\"container\">\n\t\t\t\t\t<div class=\"e-con-inner\">\n\t\t\t\t<div class=\"elementor-element elementor-element-94ee99b elementor-widget elementor-widget-text-editor\" data-id=\"94ee99b\" data-element_type=\"widget\" data-e-type=\"widget\" data-widget_type=\"text-editor.default\">\n\t\t\t\t<div class=\"elementor-widget-container\">\n\t\t\t\t\t\t\t\t\t<p><strong>Pell\u00f3n Arquitectos<\/strong> lo formamos un <strong>equipo multidisciplinar<\/strong> de arquitectos y otros t\u00e9cnicos, con una amplia experiencia en el sector que nos permite dar respuesta a cada proyecto, priorizando la funcionalidad y las necesidades del cliente, aportando nuestros conocimientos t\u00e9cnicos para encontrar siempre la <strong>mejor soluci\u00f3n de calidad.<\/strong><\/p>\t\t\t\t\t\t\t\t<\/div>\n\t\t\t\t<\/div>\n\t\t<div class=\"elementor-element elementor-element-cb0da00 e-con-full e-flex e-con e-child\" data-id=\"cb0da00\" data-element_type=\"container\" data-e-type=\"container\" data-settings=\"{&quot;background_background&quot;:&quot;classic&quot;}\">\n\t\t\t\t<div class=\"elementor-element elementor-element-c7466ba elementor-widget elementor-widget-spacer\" data-id=\"c7466ba\" data-element_type=\"widget\" data-e-type=\"widget\" data-widget_type=\"spacer.default\">\n\t\t\t\t<div class=\"elementor-widget-container\">\n\t\t\t\t\t\t\t<div class=\"elementor-spacer\">\n\t\t\t<div class=\"elementor-spacer-inner\"><\/div>\n\t\t<\/div>\n\t\t\t\t\t\t<\/div>\n\t\t\t\t<\/div>\n\t\t\t\t<\/div>\n\t\t\t\t<div class=\"elementor-element elementor-element-f246436 elementor-widget elementor-widget-text-editor\" data-id=\"f246436\" data-element_type=\"widget\" data-e-type=\"widget\" data-widget_type=\"text-editor.default\">\n\t\t\t\t<div class=\"elementor-widget-container\">\n\t\t\t\t\t\t\t\t\t<p>En nuestro recorrido profesional podemos encontrar numerosos <strong>proyectos residenciales<\/strong>, tanto de nueva construcci\u00f3n como <strong>rehabilitaciones de edificios y viviendas<\/strong> para darles una nueva vida, as\u00ed como <strong>proyectos comerciales<\/strong>, comprendiendo la esencia de cada negocio que se pone en nuestras manos.<\/p>\t\t\t\t\t\t\t\t<\/div>\n\t\t\t\t<\/div>\n\t\t\t\t<div class=\"elementor-element elementor-element-a890cf9 elementor-widget elementor-widget-heading\" data-id=\"a890cf9\" data-element_type=\"widget\" data-e-type=\"widget\" data-widget_type=\"heading.default\">\n\t\t\t\t<div class=\"elementor-widget-container\">\n\t\t\t\t\t<h1 class=\"elementor-heading-title elementor-size-default\">Architecture and Urbanism<\/h1>\t\t\t\t<\/div>\n\t\t\t\t<\/div>\n\t\t\t\t<div class=\"elementor-element elementor-element-2e5ceed elementor-widget elementor-widget-heading\" data-id=\"2e5ceed\" data-element_type=\"widget\" data-e-type=\"widget\" data-widget_type=\"heading.default\">\n\t\t\t\t<div class=\"elementor-widget-container\">\n\t\t\t\t\t<h2 class=\"elementor-heading-title elementor-size-default\">Arquitectura con identidad<\/h2>\t\t\t\t<\/div>\n\t\t\t\t<\/div>\n\t\t<div class=\"elementor-element elementor-element-0376575 e-con-full e-flex e-con e-child\" data-id=\"0376575\" data-element_type=\"container\" data-e-type=\"container\">\n\t\t\t\t<div class=\"elementor-element elementor-element-c7d5a91 elementor-widget__width-initial elementor-widget elementor-widget-text-editor\" data-id=\"c7d5a91\" data-element_type=\"widget\" data-e-type=\"widget\" data-widget_type=\"text-editor.default\">\n\t\t\t\t<div class=\"elementor-widget-container\">\n\t\t\t\t\t\t\t\t\t<p><strong>Transformamos espacios en experiencias \u00fanicas en Valladolid<\/strong><\/p><p>Trabajamos estrechamente con nuestros clientes para garantizar que cada proyecto sea un reflejo fiel de sus aspiraciones.<\/p>\t\t\t\t\t\t\t\t<\/div>\n\t\t\t\t<\/div>\n\t\t\t\t<div class=\"elementor-element elementor-element-74a0e49 elementor-widget elementor-widget-image\" data-id=\"74a0e49\" data-element_type=\"widget\" data-e-type=\"widget\" data-widget_type=\"image.default\">\n\t\t\t\t<div class=\"elementor-widget-container\">\n\t\t\t\t\t\t\t\t\t\t\t\t\t\t\t<img fetchpriority=\"high\" decoding=\"async\" width=\"800\" height=\"533\" src=\"https:\/\/pellonarquitectos.es\/wp-content\/uploads\/2025\/05\/BIBLIOTECA.png\" class=\"attachment-large size-large wp-image-245\" alt=\"\" srcset=\"https:\/\/pellonarquitectos.es\/wp-content\/uploads\/2025\/05\/BIBLIOTECA.png 866w, https:\/\/pellonarquitectos.es\/wp-content\/uploads\/2025\/05\/BIBLIOTECA-300x200.png 300w, https:\/\/pellonarquitectos.es\/wp-content\/uploads\/2025\/05\/BIBLIOTECA-768x512.png 768w\" sizes=\"(max-width: 800px) 100vw, 800px\" \/>\t\t\t\t\t\t\t\t\t\t\t\t\t\t\t<\/div>\n\t\t\t\t<\/div>\n\t\t\t\t<\/div>\n\t\t\t\t\t<\/div>\n\t\t\t\t<\/div>\n\t\t<div class=\"elementor-element elementor-element-0dfb918 e-flex e-con-boxed e-con e-parent\" data-id=\"0dfb918\" data-element_type=\"container\" data-e-type=\"container\">\n\t\t\t\t\t<div class=\"e-con-inner\">\n\t\t\t\t<div class=\"elementor-element elementor-element-9d7ab55 elementor-widget elementor-widget-heading\" data-id=\"9d7ab55\" data-element_type=\"widget\" data-e-type=\"widget\" data-widget_type=\"heading.default\">\n\t\t\t\t<div class=\"elementor-widget-container\">\n\t\t\t\t\t<h2 class=\"elementor-heading-title elementor-size-default\">Servicios de arquitectura en Valladolid<\/h2>\t\t\t\t<\/div>\n\t\t\t\t<\/div>\n\t\t<div class=\"elementor-element elementor-element-2fc7fd3 e-con-full e-flex e-con e-child\" data-id=\"2fc7fd3\" data-element_type=\"container\" data-e-type=\"container\">\n\t\t\t\t<div class=\"elementor-element elementor-element-772c643 elementor-widget elementor-widget-text-editor\" data-id=\"772c643\" data-element_type=\"widget\" data-e-type=\"widget\" data-widget_type=\"text-editor.default\">\n\t\t\t\t<div class=\"elementor-widget-container\">\n\t\t\t\t\t\t\t\t\t<h3>Arquitectura con criterio t\u00e9cnico y visi\u00f3n pr\u00e1ctica<\/h3><p>En Pell\u00f3n Arquitectos entendemos la arquitectura como una herramienta para resolver necesidades reales. Cada proyecto parte de un an\u00e1lisis t\u00e9cnico, normativo y funcional del espacio, pero tambi\u00e9n de una escucha activa del cliente: c\u00f3mo vive, c\u00f3mo trabaja, qu\u00e9 necesita y qu\u00e9 posibilidades ofrece el inmueble.<\/p><h3>Un equipo para cada fase del proyecto<\/h3><p>Nuestro estudio re\u00fane perfiles t\u00e9cnicos capaces de abordar proyectos de diferente escala: viviendas, reformas, locales comerciales, espacios de hosteler\u00eda, edificios residenciales, informes t\u00e9cnicos y trabajos urban\u00edsticos.<\/p><h3>Arquitectura vinculada a Valladolid<\/h3><p>Trabajamos principalmente en Valladolid y su entorno, lo que nos permite conocer de cerca el contexto urbano, las normativas municipales, las tipolog\u00edas de edificios y las necesidades habituales de propietarios, promotores y negocios locales.<\/p>\t\t\t\t\t\t\t\t<\/div>\n\t\t\t\t<\/div>\n\t\t\t\t<\/div>\n\t\t\t\t\t<\/div>\n\t\t\t\t<\/div>\n\t\t\t\t<\/div>","protected":false},"excerpt":{"rendered":"<p>El estudio Estudio de arquitectura en Valladolid con experiencia en proyectos residenciales, comerciales y urban\u00edsticos Pell\u00f3n Arquitectos lo formamos un equipo multidisciplinar de arquitectos y otros t\u00e9cnicos, con una amplia experiencia en el sector que nos permite dar respuesta a cada proyecto, priorizando la funcionalidad y las necesidades del cliente, aportando nuestros conocimientos t\u00e9cnicos para [&hellip;]<\/p>\n","protected":false},"author":1,"featured_media":243,"parent":0,"menu_order":0,"comment_status":"closed","ping_status":"closed","template":"","meta":{"_acf_changed":false,"footnotes":""},"class_list":["post-14","page","type-page","status-publish","has-post-thumbnail","hentry"],"acf":[],"_links":{"self":[{"href":"https:\/\/pellonarquitectos.es\/en\/wp-json\/wp\/v2\/pages\/14","targetHints":{"allow":["GET"]}}],"collection":[{"href":"https:\/\/pellonarquitectos.es\/en\/wp-json\/wp\/v2\/pages"}],"about":[{"href":"https:\/\/pellonarquitectos.es\/en\/wp-json\/wp\/v2\/types\/page"}],"author":[{"embeddable":true,"href":"https:\/\/pellonarquitectos.es\/en\/wp-json\/wp\/v2\/users\/1"}],"replies":[{"embeddable":true,"href":"https:\/\/pellonarquitectos.es\/en\/wp-json\/wp\/v2\/comments?post=14"}],"version-history":[{"count":17,"href":"https:\/\/pellonarquitectos.es\/en\/wp-json\/wp\/v2\/pages\/14\/revisions"}],"predecessor-version":[{"id":362,"href":"https:\/\/pellonarquitectos.es\/en\/wp-json\/wp\/v2\/pages\/14\/revisions\/362"}],"wp:featuredmedia":[{"embeddable":true,"href":"https:\/\/pellonarquitectos.es\/en\/wp-json\/wp\/v2\/media\/243"}],"wp:attachment":[{"href":"https:\/\/pellonarquitectos.es\/en\/wp-json\/wp\/v2\/media?parent=14"}],"curies":[{"name":"wp","href":"https:\/\/api.w.org\/{rel}","templated":true}]}}